{"id":530,"date":"2015-10-02T03:40:58","date_gmt":"2015-10-02T01:40:58","guid":{"rendered":"http:\/\/www.adomode.net\/concours-top-ado-france\/?page_id=530"},"modified":"2017-01-22T06:13:10","modified_gmt":"2017-01-22T04:13:10","slug":"membres-du-jury","status":"publish","type":"page","link":"http:\/\/www.adomode.net\/concours-top-ado-france\/membres-du-jury\/","title":{"rendered":"Membres du Jury"},"content":{"rendered":"<!-- Social Ring Buttons Start --><div class=\"social-ring\">\n<div class=\"social-ring-button\"><fb:like href=\"http:\/\/www.adomode.net\/concours-top-ado-france\/membres-du-jury\/\" showfaces=\"false\" layout=\"button_count\" action=\"like\"><\/fb:like><\/div>\n<div class=\"social-ring-button\"><a rel=\"nofollow\" href=\"http:\/\/twitter.com\/share\" lang=\"fr\" data-url=\"http:\/\/www.adomode.net\/concours-top-ado-france\/membres-du-jury\/\" data-text=\"Membres du Jury\" data-count=\"horizontal\" class=\"sr-twitter-button twitter-share-button\"><\/a><\/div>\n<div class=\"social-ring-button\"><div class=\"g-plusone\" data-href=\"http:\/\/www.adomode.net\/concours-top-ado-france\/membres-du-jury\/\" data-size=\"medium\" ><\/div><\/div>\n<\/div><!-- Social Ring Buttons End -->\n\n<p style=\"font-size:15px\">&nbsp;<\/p>\n<p>Sur cette page, nous vous pr\u00e9sentons les personnes qui ont \u00e9t\u00e9 membres du jury lors des pr\u00e9c\u00e9dents concours.<br \/>\n<span style=\"font-size:10.5pt;\"><em>(Ne sont pas affich\u00e9es les personnes qui ont \u00e9t\u00e9 jury uniquement lors des concours Top Ados.)<\/em><\/span><\/p>\n<p style=\"font-size:15px\">&nbsp;<\/p>\n<ul>\n<li><font color=\"f79cd2\"><b>Adeline M.<\/b><\/font><font color=\"#000000\">, <span style=\"font-size:10.5pt;\">Miss H\u00e9rault M\u00e9diterran\u00e9e 2015,<br \/>\net 1\u00e8re Demoiselle de Mlle Languedoc-Roussillon 2012.<\/span><\/font><\/li>\n<li><u><a href=\"http:\/\/www.agnesmoriceau.book.fr\/\" target=\"_blank\"><span style=\"background:#FFFFFF\"><font color=\"#f79cd2\"><b>Agn\u00e8s M.<\/b><\/font><\/span><\/u><\/a>, <span style=\"font-size:10.5pt;\">Mannequin, et plusieurs \u00e9charpes \u00e0 des concours pour Ados.<\/span><\/li>\n<li><font color=\"f79cd2\"><b>Albane H.<\/b><\/font><font color=\"#000000\">, <span style=\"font-size:10.5pt;\">Miss Auvergne 2011 (pour Miss Nationale Gdf 2012),<br \/>\net Mannequin \u00e0 l&rsquo;agence VIP Models.<\/span><\/font><\/li>\n<li><u><a href=\"http:\/\/www.fashion-modelz-france.com\/alice-m\/\" target=\"_blank\"><span style=\"background:#FFFFFF\"><font color=\"#f79cd2\"><b>Alice M.<\/b><\/font><\/span><\/u><\/a>, <span style=\"font-size:10.5pt;\">Top Ado France 2013.<\/span><\/li>\n<li><font color=\"f79cd2\"><b>Ambre C.<\/b><\/font><font color=\"#000000\">, <span style=\"font-size:10.5pt;\">Pr\u00e9sidente de l&rsquo;association Etinc&rsquo;Elles,<br \/>\nOrganisatrice du concours Reine des Neiges.<\/span><\/font><\/li>\n<li><u><a href=\"https:\/\/www.facebook.com\/AudeSophotographyanddesign\" target=\"_blank\"><span style=\"background:#FFFFFF\"><font color=\"#f79cd2\"><b>Aude So D.<\/b><\/font><\/span><\/u><\/a>, <span style=\"font-size:10.5pt;\">Photographe en Normandie.<\/span><\/li>\n<li><u><a href=\"http:\/\/www.fashion-modelz-france.com\/aurelia-n\/\" target=\"_blank\"><span style=\"background:#FFFFFF\"><font color=\"#f79cd2\"><b>Aur\u00e9lia N.<\/b><\/font><\/span><\/u><\/a>, <span style=\"font-size:10.5pt;\">4\u00e8me au concours Top Ado France 2013.<\/span><\/li>\n<li><u><a href=\"http:\/\/www.camilleguiot.fr\/\" target=\"_blank\"><span style=\"background:#FFFFFF\"><font color=\"#f79cd2\"><b>Camille G.<\/b><\/font><\/span><\/u><\/a>, <span style=\"font-size:10.5pt;\">Miss Teen Girl France 2013.<\/span><\/li>\n<li><u><a href=\"http:\/\/www.carla-s-photographie.book.fr\/\" target=\"_blank\"><span style=\"background:#FFFFFF\"><font color=\"#f79cd2\"><b>Carla S.<\/b><\/font><\/span><\/u><\/a>, <span style=\"font-size:10.5pt;\">Photographe en PACA.<\/span><\/li>\n<li><u><a href=\"http:\/\/www.caroline-gauthier.kabook.fr\/\" target=\"_blank\"><span style=\"background:#FFFFFF\"><font color=\"#f79cd2\"><b>Caroline G.<\/b><\/font><\/span><\/u><\/a>, <span style=\"font-size:10.5pt;\">Photographe dans le Rh\u00f4ne, le Gard et l\u2019H\u00e9rault.<\/span><\/li>\n<li><u><a href=\"http:\/\/www.kristof-photographe.com\/\" target=\"_blank\"><span style=\"background:#FFFFFF\"><font color=\"#f79cd2\"><b>Christophe K. (Kristof&rsquo;)<\/b><\/font><\/span><\/u><\/a>, <span style=\"font-size:10.5pt;\">Photographe, et Responsable du concours.<\/span><\/li>\n<li><u><a href=\"http:\/\/constantin-sarafian.kabook.fr\/\" target=\"_blank\"><span style=\"background:#FFFFFF\"><font color=\"#f79cd2\"><b>Constantin S.<\/b><\/font><\/span><\/u><\/a>, <span style=\"font-size:10.5pt;\">Photographe en Ile-de-France.<\/span><\/li>\n<li><u><a href=\"https:\/\/www.facebook.com\/DavidrPhotographe\" target=\"_blank\"><span style=\"background:#FFFFFF\"><font color=\"#f79cd2\"><b>David R.<\/b><\/font><\/span><\/u><\/a>, <span style=\"font-size:10.5pt;\">Photographe en Bourgogne.<\/span><\/li>\n<li><font color=\"f79cd2\"><b>\u00c9lise D.<\/b><\/font><font color=\"#000000\">, <span style=\"font-size:10.5pt;\">Pr\u00e9sidente du comit\u00e9 Mademoiselle Ile-de-France.<\/span><\/font><\/li>\n<li><font color=\"f79cd2\"><b>\u00c9lodie De P.<\/b><\/font><font color=\"#000000\">, <span style=\"font-size:10.5pt;\">Ancienne D\u00e9l\u00e9gu\u00e9e Miss 15\/17 Aquitaine.<\/span><\/font><\/li>\n<li><u><a href=\"http:\/\/www.modinfo.fr\/sujet\/eloise-forsoni-interview-et-photos\/\" target=\"_blank\"><span style=\"background:#FFFFFF\"><font color=\"#f79cd2\"><b>\u00c9lo\u00efse F.<\/b><\/font><\/span><\/u><\/a>, <span style=\"font-size:10.5pt;\">1\u00e8re Dauphine de Miss Internet Junior France 2014.<\/span><\/font><\/li>\n<li><u><a href=\"http:\/\/www.adomode.net\/interview-de-fanny-haas-sur-son-parcours-de-16-a-20-ans\/\" target=\"_blank\"><span style=\"background:#FFFFFF\"><font color=\"#f79cd2\"><b>Fanny H.<\/b><\/font><\/span><\/u><\/a>, <span style=\"font-size:10.5pt;\">Miss Internet France 2013.<\/span><\/li>\n<li><font color=\"f79cd2\"><b>Flavy F.<\/b><\/font><font color=\"#000000\">, <span style=\"font-size:10.5pt;\">Miss Pays de Loire 2014 (pour Miss France 2015),<br \/>\nMiss Maine-et-Loire 2011, et Miss Mayenne 2012.<\/span><\/font><\/li>\n<li><u><a href=\"http:\/\/www.floow-photographe.com\" target=\"_blank\"><span style=\"background:#FFFFFF\"><font color=\"#f79cd2\"><b>Florian C.<\/b><\/font><\/span><\/u><\/a>, <span style=\"font-size:10.5pt;\">Photographe en Bourgogne.<\/span><\/li>\n<li><u><a href=\"http:\/\/fgglass.book.fr\" target=\"_blank\"><span style=\"background:#FFFFFF\"><font color=\"#f79cd2\"><b>Fred G.<\/b><\/font><\/span><\/u><\/a>, <span style=\"font-size:10.5pt;\">Photographe en Ile-de-France.<\/span><\/li>\n<li><u><a href=\"https:\/\/www.facebook.com\/Iona-T-Mod%C3%A8le-1590796851148871\/\" target=\"_blank\"><span style=\"background:#FFFFFF\"><font color=\"#f79cd2\"><b>Iona T.<\/b><\/font><\/span><\/u><\/a>, <span style=\"font-size:10.5pt;\">4\u00e8me au concours Top Ado France 2014,<br \/>\net Miss Pays du Haut Forez 2015.<\/span><\/li>\n<li><u><a href=\"https:\/\/www.facebook.com\/iska.creationlyon\" target=\"_blank\"><span style=\"background:#FFFFFF\"><font color=\"#f79cd2\"><b>Iska Cr\u00e9ation<\/b><\/font><\/span><\/u><\/a>, <span style=\"font-size:10.5pt;\">Cr\u00e9atrice de Robes.<\/span><\/li>\n<li><font color=\"f79cd2\"><b>Jessica A.<\/b><\/font><font color=\"#000000\">, <span style=\"font-size:10.5pt;\">Conseill\u00e8re en Image.<\/span><\/font><\/li>\n<li><u><a href=\"hhttp:\/\/www.elinaphotographie.book.fr\/\" target=\"_blank\"><span style=\"background:#FFFFFF\"><font color=\"#f79cd2\"><b>Karine M.<\/b><\/font><\/span><\/u><\/a>, <span style=\"font-size:10.5pt;\">Photographe en Rh\u00f4ne-Alpes.<\/span><\/li>\n<li><u><a href=\"http:\/\/www.fashion-modelz-france.com\/kelly-g\/\" target=\"_blank\"><span style=\"background:#FFFFFF\"><font color=\"#f79cd2\"><b>Kelly G.<\/b><\/font><\/span><\/u><\/a>, <span style=\"font-size:10.5pt;\">6\u00e8me au concours Top Ado France 2013.<\/span><\/li>\n<li><font color=\"f79cd2\"><b>Laetitia G.<\/b><\/font><font color=\"#000000\">, <span style=\"font-size:10.5pt;\">Pr\u00e9sidente de l&rsquo;association Lavy Productions,<br \/>\nAncienne D\u00e9l\u00e9gu\u00e9e du concours Mademoiselle Is\u00e8re.<\/span><\/font><\/li>\n<li><u><a href=\"http:\/\/www.a-f-p-i.com\/ambassadrices\/interview-de-laura-doviler-miss-modelle-2010\/\" target=\"_blank\"><span style=\"background:#FFFFFF\"><font color=\"#f79cd2\"><b>Laura D.<\/b><\/font><\/span><\/u><\/a>, <span style=\"font-size:10.5pt;\">Miss Mod\u2019Elles 2010.<\/span><\/li>\n<li><u><a href=\"http:\/\/www.newlook-newstart.com\/\" target=\"_blank\"><span style=\"background:#FFFFFF\"><font color=\"#f79cd2\"><b>Laura P.<\/b><\/font><\/span><\/u><\/a>, <span style=\"font-size:10.5pt;\">Conseill\u00e8re en Image et Relooking.<\/span><\/li>\n<li><u><a href=\"http:\/\/www.adomode.net\/interview-de-laura-rouarch-plusieurs-titres-de-miss-en-bretagne\/\" target=\"_blank\"><span style=\"background:#FFFFFF\"><font color=\"#f79cd2\"><b>Laura R.<\/b><\/font><\/span><\/u><\/a>, <span style=\"font-size:10.5pt;\">plusieurs titres de Miss en Bretagne, dont Miss Morbihan 2011.<\/span><\/li>\n<li><font color=\"f79cd2\"><b>Laura W.<\/b><\/font><font color=\"#000000\">, <span style=\"font-size:10.5pt;\">Miss Teen France 2012.<\/span><\/font><\/li>\n<li><u><a href=\"http:\/\/www.fashion-modelz-france.com\/lea-g\/\" target=\"_blank\"><span style=\"background:#FFFFFF\"><font color=\"#f79cd2\"><b>L\u00e9a G.<\/b><\/font><\/span><\/u><\/a>, <span style=\"font-size:10.5pt;\">9\u00e8me au concours Top Ado France 2013.<\/span><\/li>\n<li><u><a href=\"http:\/\/www.Lionel-Allain.com\/\" target=\"_blank\"><span style=\"background:#FFFFFF\"><font color=\"#f79cd2\"><b>Lionel A.<\/b><\/font><\/span><\/u><\/a>, <span style=\"font-size:10.5pt;\">Photographe en Ile-de-France.<\/span><\/li>\n<li><u><a href=\"http:\/\/www.maximin-demoulin.book.fr\/\" target=\"_blank\"><span style=\"background:#FFFFFF\"><font color=\"#f79cd2\"><b>Maximin D.<\/b><\/font><\/span><\/u><\/a>, <span style=\"font-size:10.5pt;\">Photographe en Franche-Comt\u00e9.<\/span><\/li>\n<li><font color=\"f79cd2\"><b>M\u00e9lodie M.<\/b><\/font><font color=\"#000000\">, <span style=\"font-size:10.5pt;\">Miss Internet Ile-de-France 2011.<\/span><\/font><\/li>\n<li><u><a href=\"http:\/\/www.adomode.net\/interview-de-melody-oudoux\/\" target=\"_blank\"><span style=\"background:#FFFFFF\"><font color=\"#f79cd2\"><b>M\u00e9lody O.<\/b><\/font><\/span><\/u><\/a>, <span style=\"font-size:10.5pt;\">Miss Anjou 2012, et Miss Maine-et-Loire 2012.<\/span><\/li>\n<li><u><a href=\"http:\/\/www.book-modelz.fr\/\" target=\"_blank\"><span style=\"background:#FFFFFF\"><font color=\"#f79cd2\"><b>Oph\u00e9lie A.<\/b><\/font><\/span><\/u><\/a>, <span style=\"font-size:10.5pt;\">5\u00e8me au concours Top Ado France 2013.<\/span><\/li>\n<li><u><a href=\"http:\/\/patrice-photographe.com\/\" target=\"_blank\"><span style=\"background:#FFFFFF\"><font color=\"#f79cd2\"><b>Patrice L.<\/b><\/font><\/span><\/u><\/a>, <span style=\"font-size:10.5pt;\">Photographe \u00e0 Paris.<\/span><\/li>\n<li><u><a href=\"http:\/\/www.fashion-modelz-france.com\/sarah-j\/\" target=\"_blank\"><span style=\"background:#FFFFFF\"><font color=\"#f79cd2\"><b>Sarah J.<\/b><\/font><\/span><\/u><\/a>, <span style=\"font-size:10.5pt;\">8\u00e8me au concours Top Ado France 2013.<\/span><\/li>\n<li><u><a href=\"http:\/\/www.stefphotos.book.fr\/\" target=\"_blank\"><span style=\"background:#FFFFFF\"><font color=\"#f79cd2\"><b>St\u00e9phanie<\/b><\/font><\/span><\/u><\/a>, <span style=\"font-size:10.5pt;\">Photographe en PACA.<\/span><\/li>\n<li><font color=\"f79cd2\"><b>Tiffany Y.<\/b><\/font><font color=\"#000000\">, <span style=\"font-size:10.5pt;\">Miss Haut-Rhin 2010,<br \/>\net 1\u00e8re Dauphine Miss Alsace 2010 (pour Miss Nationale 2011).<\/span><\/font><\/li>\n<li><u><a href=\"http:\/\/www.fashion-modelz-france.com\/viviane-d\/\" target=\"_blank\"><span style=\"background:#FFFFFF\"><font color=\"#f79cd2\"><b>Viviane D.<\/b><\/font><\/span><\/u><\/a>, <span style=\"font-size:10.5pt;\">2\u00e8me au concours Top Ado France 2013.<\/span><\/li>\n<li><u><a href=\"http:\/\/www.ysabellecollot-photographe.fr\/\" target=\"_blank\"><span style=\"background:#FFFFFF\"><font color=\"#f79cd2\"><b>Ysabelle C.<\/b><\/font><\/span><\/u><\/a>, <span style=\"font-size:10.5pt;\">Photographe en Ile-de-France.<\/span><\/li>\n<\/ul>\n<p style=\"font-size:12px\">&nbsp;<\/p>\n<p>Si vous souhaitez devenir membre du jury :<br \/>\nVous pouvez nous contacter afin d&rsquo;en savoir plus.<\/p>\n<!-- AddThis Advanced Settings generic via filter on the_content --><!-- AddThis Share Buttons generic via filter on the_content --> ","protected":false},"excerpt":{"rendered":"<p>&nbsp; Sur cette page, nous vous pr\u00e9sentons les personnes qui ont \u00e9t\u00e9 membres du jury lors des pr\u00e9c\u00e9dents concours. (Ne sont pas affich\u00e9es les personnes&#8230;<!-- AddThis Advanced Settings generic via filter on get_the_excerpt --><!-- AddThis Share Buttons generic via filter on get_the_excerpt --><\/p>\n","protected":false},"author":1,"featured_media":0,"parent":0,"menu_order":0,"comment_status":"closed","ping_status":"closed","template":"","meta":[],"_links":{"self":[{"href":"http:\/\/www.adomode.net\/concours-top-ado-france\/wp-json\/wp\/v2\/pages\/530"}],"collection":[{"href":"http:\/\/www.adomode.net\/concours-top-ado-france\/wp-json\/wp\/v2\/pages"}],"about":[{"href":"http:\/\/www.adomode.net\/concours-top-ado-france\/wp-json\/wp\/v2\/types\/page"}],"author":[{"embeddable":true,"href":"http:\/\/www.adomode.net\/concours-top-ado-france\/wp-json\/wp\/v2\/users\/1"}],"replies":[{"embeddable":true,"href":"http:\/\/www.adomode.net\/concours-top-ado-france\/wp-json\/wp\/v2\/comments?post=530"}],"version-history":[{"count":26,"href":"http:\/\/www.adomode.net\/concours-top-ado-france\/wp-json\/wp\/v2\/pages\/530\/revisions"}],"predecessor-version":[{"id":694,"href":"http:\/\/www.adomode.net\/concours-top-ado-france\/wp-json\/wp\/v2\/pages\/530\/revisions\/694"}],"wp:attachment":[{"href":"http:\/\/www.adomode.net\/concours-top-ado-france\/wp-json\/wp\/v2\/media?parent=530"}],"curies":[{"name":"wp","href":"https:\/\/api.w.org\/{rel}","templated":true}]}}