{"id":808,"date":"2022-08-18T02:26:09","date_gmt":"2022-08-18T00:26:09","guid":{"rendered":"http:\/\/www.adomode.net\/concours-top-ado-france\/?page_id=808"},"modified":"2022-08-18T02:43:00","modified_gmt":"2022-08-18T00:43:00","slug":"anciennes-gagnantes","status":"publish","type":"page","link":"http:\/\/www.adomode.net\/concours-top-ado-france\/anciennes-gagnantes\/","title":{"rendered":"Anciennes gagnantes"},"content":{"rendered":"\n<p><\/p>\n\n\n\n<p style=\"font-size: 5px;\">&nbsp;<\/p>\n<p><span style=\"font-size: 12pt;\">AdoMode proposait plusieurs concours photos (Top Ados) durant l\u2019ann\u00e9e,<br>avec une finale en fin d\u2019ann\u00e9e afin de d\u00e9signer la TOP ADO FRANCE.<\/span><\/p>\n<p><span style=\"font-size: 12pt;\">Nous avons arr\u00eat\u00e9 cette activit\u00e9 durant plusieurs ann\u00e9es.<\/span><\/p>\n<p><span style=\"font-size: 12pt;\">Pour 2022, nous relan\u00e7ons une nouvelle \u00e9dition de ce concours.<\/span><\/p>\n<p>&nbsp;<\/p>\n<ul>\n<li style=\"list-style-type: none;\">\n<ul>\n<li><span style=\"color: #f79cd2;\">Nolwenn R., 17ans, 1m67, gagnante du concours Top Ado France 2017.<\/span><\/li>\n<\/ul>\n<\/li>\n<\/ul>\n<p>&nbsp;<\/p>\n<ul>\n<li style=\"list-style-type: none;\">\n<ul>\n<li><span style=\"color: #f79cd2;\">Caroline L., 17 ans, 1m76, gagnante du concours Top Ado France 2016.<\/span><\/li>\n<\/ul>\n<\/li>\n<\/ul>\n<p>&nbsp;<\/p>\n<ul>\n<li style=\"list-style-type: none;\">\n<ul>\n<li><span style=\"color: #f79cd2;\">Lucie A., 17ans, 1m72, gagnante du concours Top Ado France 2015.<\/span><\/li>\n<\/ul>\n<\/li>\n<\/ul>\n<p><img class=\"aligncenter\" src=\"http:\/\/www.adomode.net\/wp-content\/uploads\/2016\/01\/lucie-top-ado-france-2015.jpg\" alt=\"\">&nbsp;<\/p>\n<ul>\n<li style=\"list-style-type: none;\">\n<ul>\n<li><span style=\"color: #000;\"><i><span style=\"font-size: 11pt;\">Camille B., 1m76, gagnante du 10\u00e8me Concours Top Ados.<\/span><\/i><\/span><\/li>\n<li><span style=\"color: #000;\"><i><span style=\"font-size: 11pt;\">Katia D., 1m60, gagnante du 9\u00e8me Concours Top Ados.<\/span><\/i><\/span><\/li>\n<li><span style=\"color: #000;\"><i><span style=\"font-size: 11.5pt;\">Ana\u00efs A., 1m75, gagnante du 8\u00e8me Concours Top Ados.<\/span><\/i><\/span><\/li>\n<\/ul>\n<\/li>\n<\/ul>\n<ul>\n<li style=\"list-style-type: none;\">\n<ul>\n<li><span style=\"color: #f79cd2;\">In\u00e8s C., 17 ans, 1m77, gagnante du concours Top Ado France 2014.<\/span><\/li>\n<\/ul>\n<\/li>\n<\/ul>\n<p><img loading=\"lazy\" class=\"aligncenter size-full wp-image-4259\" src=\"http:\/\/www.adomode.net\/wp-content\/uploads\/2014\/12\/ines021.jpg\" alt=\"\" width=\"608\" height=\"310\">&nbsp;<\/p>\n<ul>\n<li style=\"list-style-type: none;\">\n<ul>\n<li><span style=\"color: #000;\"><i><span style=\"font-size: 11.5pt;\">Madison M., 1m58, gagnante du 7\u00e8me Concours Top Ados.<\/span><\/i><\/span><\/li>\n<li><span style=\"color: #000;\"><i><span style=\"font-size: 11.5pt;\">Elsa C., 1m73, gagnante du 6\u00e8me Concours Top Ados.<\/span><\/i><\/span><\/li>\n<li><span style=\"color: #000;\"><i><span style=\"font-size: 11.5pt;\">Lucie D., gagnante du 5\u00e8me Concours Top Ados.<\/span><\/i><\/span><\/li>\n<\/ul>\n<\/li>\n<\/ul>\n<ul>\n<li style=\"list-style-type: none;\">\n<ul>\n<li><span style=\"color: #f79cd2;\">Alice M., 17ans, 1m68, gagnante du concours Top Ado France 2013.<\/span><\/li>\n<\/ul>\n<\/li>\n<\/ul>\n<p><img class=\"aligncenter size-full wp-image-3544\" src=\"http:\/\/www.adomode.net\/wp-content\/uploads\/2013\/12\/ALICEmontage3photos.jpg\" alt=\"\">&nbsp;<\/p>\n<ul>\n<li style=\"list-style-type: none;\">\n<ul>\n<li><span style=\"color: #000;\"><i><span style=\"font-size: 11.5pt;\">Viviane D., 1m65, gagnante du 4\u00e8me Concours Top Ados.<\/span><\/i><\/span><\/li>\n<li><span style=\"color: #000;\"><i><span style=\"font-size: 11.5pt;\">\u00c9lise L., 1m72, gagnante du 3\u00e8me Concours Top Ados.<\/span><\/i><\/span><\/li>\n<li><span style=\"color: #000;\"><i><span style=\"font-size: 11.5pt;\">M\u00e9lissa M., 1m56, gagnante du 2\u00e8me Concours Top Ados.<\/span><\/i><\/span><\/li>\n<\/ul>\n<\/li>\n<\/ul>\n<ul>\n<li style=\"list-style-type: none;\">\n<ul>\n<li><span style=\"color: #f79cd2;\">Maryanne D., 15ans, 1m72, gagnante du concours Top Ado 14\/15 France 2013.<\/span><\/li>\n<\/ul>\n<\/li>\n<\/ul>\n<ul>\n<li style=\"list-style-type: none;\">\n<ul>\n<li><span style=\"color: #000;\"><i><span style=\"font-size: 11.5pt;\">Oph\u00e9lie A., 1m72, gagnante du 1er Concours Top Ados.<\/span><\/i><\/span><\/li>\n<\/ul>\n<\/li>\n<\/ul>\n<p>&nbsp;<\/p>\n<!-- AddThis Advanced Settings generic via filter on the_content --><!-- AddThis Share Buttons generic via filter on the_content --> ","protected":false},"excerpt":{"rendered":"<p>&nbsp; AdoMode proposait plusieurs concours photos (Top Ados) durant l\u2019ann\u00e9e,avec une finale en fin d\u2019ann\u00e9e afin de d\u00e9signer la TOP ADO FRANCE. Nous avons arr\u00eat\u00e9&#8230;<!-- AddThis Advanced Settings generic via filter on get_the_excerpt --><!-- AddThis Share Buttons generic via filter on get_the_excerpt --><\/p>\n","protected":false},"author":1,"featured_media":0,"parent":0,"menu_order":0,"comment_status":"closed","ping_status":"closed","template":"","meta":[],"_links":{"self":[{"href":"http:\/\/www.adomode.net\/concours-top-ado-france\/wp-json\/wp\/v2\/pages\/808"}],"collection":[{"href":"http:\/\/www.adomode.net\/concours-top-ado-france\/wp-json\/wp\/v2\/pages"}],"about":[{"href":"http:\/\/www.adomode.net\/concours-top-ado-france\/wp-json\/wp\/v2\/types\/page"}],"author":[{"embeddable":true,"href":"http:\/\/www.adomode.net\/concours-top-ado-france\/wp-json\/wp\/v2\/users\/1"}],"replies":[{"embeddable":true,"href":"http:\/\/www.adomode.net\/concours-top-ado-france\/wp-json\/wp\/v2\/comments?post=808"}],"version-history":[{"count":8,"href":"http:\/\/www.adomode.net\/concours-top-ado-france\/wp-json\/wp\/v2\/pages\/808\/revisions"}],"predecessor-version":[{"id":820,"href":"http:\/\/www.adomode.net\/concours-top-ado-france\/wp-json\/wp\/v2\/pages\/808\/revisions\/820"}],"wp:attachment":[{"href":"http:\/\/www.adomode.net\/concours-top-ado-france\/wp-json\/wp\/v2\/media?parent=808"}],"curies":[{"name":"wp","href":"https:\/\/api.w.org\/{rel}","templated":true}]}}